{"id":6873,"date":"2026-09-04T09:31:50","date_gmt":"2026-09-04T07:31:50","guid":{"rendered":"https:\/\/misje.karmelitanki.pl\/?page_id=6873"},"modified":"2026-09-04T09:35:10","modified_gmt":"2026-09-04T07:35:10","slug":"adopcja-serca","status":"publish","type":"page","link":"https:\/\/misje.karmelitanki.pl\/?page_id=6873","title":{"rendered":"ADOPCJA SERCA"},"content":{"rendered":"<div class=\"wp-block-image\">\n<figure class=\"aligncenter size-large\"><img loading=\"lazy\" decoding=\"async\" width=\"1024\" height=\"683\" src=\"https:\/\/misje.karmelitanki.pl\/wp-content\/uploads\/2026\/09\/ad-serca-ad-1024x683.webp\" alt=\"\" class=\"wp-image-6875\" srcset=\"https:\/\/misje.karmelitanki.pl\/wp-content\/uploads\/2026\/09\/ad-serca-ad-1024x683.webp 1024w, https:\/\/misje.karmelitanki.pl\/wp-content\/uploads\/2026\/09\/ad-serca-ad-300x200.webp 300w, https:\/\/misje.karmelitanki.pl\/wp-content\/uploads\/2026\/09\/ad-serca-ad-768x512.webp 768w, https:\/\/misje.karmelitanki.pl\/wp-content\/uploads\/2026\/09\/ad-serca-ad-387x258.webp 387w, https:\/\/misje.karmelitanki.pl\/wp-content\/uploads\/2026\/09\/ad-serca-ad-272x182.webp 272w, https:\/\/misje.karmelitanki.pl\/wp-content\/uploads\/2026\/09\/ad-serca-ad.webp 1536w\" sizes=\"auto, (max-width: 1024px) 100vw, 1024px\" \/><\/figure>\n<\/div>\n\n\n<div style=\"height:58px\" aria-hidden=\"true\" class=\"wp-block-spacer\"><\/div>\n\n\n\n<p class=\"has-text-align-center has-large-font-size wp-block-paragraph\">Po wi\u0119cej informacji prosimy o kontakt:<\/p>\n\n\n\n<p class=\"has-text-align-center has-large-font-size wp-block-paragraph\">tel. +48 537 332 905<\/p>\n\n\n\n<div style=\"height:27px\" aria-hidden=\"true\" class=\"wp-block-spacer\"><\/div>\n\n\n\n<hr class=\"wp-block-separator has-alpha-channel-opacity\"\/>\n\n\n\n<hr class=\"wp-block-separator has-alpha-channel-opacity\"\/>\n\n\n\n<p class=\"has-text-align-center has-large-font-size wp-block-paragraph\">e-mail:<\/p>\n\n\n\n<p class=\"has-text-align-center has-large-font-size wp-block-paragraph\"> adopcja.serca.kdzj@gmail.com<\/p>\n\n\n\n<div style=\"height:64px\" aria-hidden=\"true\" class=\"wp-block-spacer\"><\/div>\n\n\n\n<hr class=\"wp-block-separator has-alpha-channel-opacity\"\/>\n\n\n\n<hr class=\"wp-block-separator has-alpha-channel-opacity\"\/>\n\n\n\n<p class=\"has-text-align-center has-large-font-size wp-block-paragraph\">adres: <\/p>\n\n\n\n<p class=\"has-text-align-center has-large-font-size wp-block-paragraph\">SEKRETARIAT MISYJNY<\/p>\n\n\n\n<p class=\"has-text-align-center has-large-font-size wp-block-paragraph\">ZGROMADZENIA SI\u00d3STR KARMELITANEK DZIECI\u0104TKA JEZUS<\/p>\n\n\n\n<p class=\"has-text-align-center has-large-font-size wp-block-paragraph\">&#8222;Adopcja serca&#8221;<\/p>\n\n\n\n<p class=\"has-text-align-center has-large-font-size wp-block-paragraph\">ul. M.T. Kieroci\u0144skiej 25<\/p>\n\n\n\n<p class=\"has-text-align-center has-large-font-size wp-block-paragraph\">41-209 Sosnowiec<\/p>\n\n\n\n<div style=\"height:0px\" aria-hidden=\"true\" class=\"wp-block-spacer\"><\/div>\n\n\n\n<div style=\"height:56px\" aria-hidden=\"true\" class=\"wp-block-spacer\"><\/div>\n\n\n\n<hr class=\"wp-block-separator has-alpha-channel-opacity\"\/>\n\n\n\n<hr class=\"wp-block-separator has-alpha-channel-opacity\"\/>\n\n\n\n<p class=\"has-text-align-center has-large-font-size wp-block-paragraph\">nr konta:<\/p>\n\n\n\n<p class=\"has-text-align-center has-large-font-size wp-block-paragraph\">79 1240 1330 1111 0011 2059 7069<\/p>\n","protected":false},"excerpt":{"rendered":"<p>Po wi\u0119cej informacji prosimy o kontakt: tel. +48 537 332 905 e-mail: adopcja.serca.kdzj@gmail.com adres: SEKRETARIAT MISYJNY ZGROMADZENIA SI\u00d3STR KARMELITANEK DZIECI\u0104TKA JEZUS &#8222;Adopcja serca&#8221; ul. M.T. Kieroci\u0144skiej 25 41-209 Sosnowiec nr konta: 79 1240 1330 1111 0011 2059 7069<\/p>\n","protected":false},"author":1,"featured_media":6874,"parent":0,"menu_order":0,"comment_status":"closed","ping_status":"closed","template":"","meta":{"footnotes":""},"class_list":["post-6873","page","type-page","status-publish","has-post-thumbnail","hentry"],"_links":{"self":[{"href":"https:\/\/misje.karmelitanki.pl\/index.php?rest_route=\/wp\/v2\/pages\/6873","targetHints":{"allow":["GET"]}}],"collection":[{"href":"https:\/\/misje.karmelitanki.pl\/index.php?rest_route=\/wp\/v2\/pages"}],"about":[{"href":"https:\/\/misje.karmelitanki.pl\/index.php?rest_route=\/wp\/v2\/types\/page"}],"author":[{"embeddable":true,"href":"https:\/\/misje.karmelitanki.pl\/index.php?rest_route=\/wp\/v2\/users\/1"}],"replies":[{"embeddable":true,"href":"https:\/\/misje.karmelitanki.pl\/index.php?rest_route=%2Fwp%2Fv2%2Fcomments&post=6873"}],"version-history":[{"count":12,"href":"https:\/\/misje.karmelitanki.pl\/index.php?rest_route=\/wp\/v2\/pages\/6873\/revisions"}],"predecessor-version":[{"id":6887,"href":"https:\/\/misje.karmelitanki.pl\/index.php?rest_route=\/wp\/v2\/pages\/6873\/revisions\/6887"}],"wp:featuredmedia":[{"embeddable":true,"href":"https:\/\/misje.karmelitanki.pl\/index.php?rest_route=\/wp\/v2\/media\/6874"}],"wp:attachment":[{"href":"https:\/\/misje.karmelitanki.pl\/index.php?rest_route=%2Fwp%2Fv2%2Fmedia&parent=6873"}],"curies":[{"name":"wp","href":"https:\/\/api.w.org\/{rel}","templated":true}]}}